{"id":45,"date":"2016-05-26T14:01:30","date_gmt":"2016-05-26T14:01:30","guid":{"rendered":"http:\/\/pension-eulenhof.vasters.de\/?page_id=45"},"modified":"2023-01-13T12:38:47","modified_gmt":"2023-01-13T12:38:47","slug":"impressionen","status":"publish","type":"page","link":"https:\/\/pension-eulenhof.vasters.de\/?page_id=45","title":{"rendered":"Bilder"},"content":{"rendered":"<div id=\"metaslider-id-159\" style=\"max-width: 800px; margin: 0 auto;\" class=\"ml-slider-3-60-1 metaslider metaslider-responsive metaslider-159 ml-slider ms-theme-default\" role=\"region\" aria-roledescription=\"Slideshow\" aria-label=\"Impressionen\">\n    <div id=\"metaslider_container_159\">\n        <ul id='metaslider_159' class='rslides'>\n            <li aria-roledescription='slide' aria-labelledby='slide-0'><img loading=\"lazy\" decoding=\"async\" src=\"https:\/\/i0.wp.com\/pension-eulenhof.vasters.de\/wp-content\/uploads\/2016\/05\/80-2-800x600.jpg?resize=800%2C600&#038;ssl=1\" height=\"600\" width=\"800\" alt=\"\" class=\"slider-159 slide-50\" data-recalc-dims=\"1\" \/><div class=\"caption-wrap\"><div class=\"caption\">Fachwerkensemble aus dem 18ten Jahrhundert<\/div><\/div><\/li>\n            <li style='display: none;' aria-roledescription='slide' aria-labelledby='slide-1'><img loading=\"lazy\" decoding=\"async\" src=\"https:\/\/i0.wp.com\/pension-eulenhof.vasters.de\/wp-content\/uploads\/2016\/09\/07-800x600.jpg?resize=800%2C600&#038;ssl=1\" height=\"600\" width=\"800\" alt=\"\" class=\"slider-159 slide-449\" data-recalc-dims=\"1\" \/><div class=\"caption-wrap\"><div class=\"caption\">Blick vom Garten auf den Natursteig<\/div><\/div><\/li>\n            <li style='display: none;' aria-roledescription='slide' aria-labelledby='slide-2'><img loading=\"lazy\" decoding=\"async\" src=\"https:\/\/i0.wp.com\/pension-eulenhof.vasters.de\/wp-content\/uploads\/2016\/05\/Fahrrad-e1465033331922-800x600.jpg?resize=800%2C600&#038;ssl=1\" height=\"600\" width=\"800\" alt=\"\" class=\"slider-159 slide-99\" data-recalc-dims=\"1\" \/><div class=\"caption-wrap\"><div class=\"caption\">Blick auf Wohnhaus der Familie Vasters von der Strassenseite<\/div><\/div><\/li>\n            <li style='display: none;' aria-roledescription='slide' aria-labelledby='slide-3'><img loading=\"lazy\" decoding=\"async\" src=\"https:\/\/i0.wp.com\/pension-eulenhof.vasters.de\/wp-content\/uploads\/2016\/06\/1939551_972705446086449_4833494828241070155_n-e1465037812205-800x600.jpg?resize=800%2C600&#038;ssl=1\" height=\"600\" width=\"800\" alt=\"\" class=\"slider-159 slide-142\" data-recalc-dims=\"1\" \/><div class=\"caption-wrap\"><div class=\"caption\">Blick auf unser geliebtes Backhaus<\/div><\/div><\/li>\n            <li style='display: none;' aria-roledescription='slide' aria-labelledby='slide-4'><img loading=\"lazy\" decoding=\"async\" src=\"https:\/\/i0.wp.com\/pension-eulenhof.vasters.de\/wp-content\/uploads\/2016\/06\/10675631_827097623980566_5010600742678031438_n-e1465037782947-800x600.jpg?resize=800%2C600&#038;ssl=1\" height=\"600\" width=\"800\" alt=\"\" class=\"slider-159 slide-145\" data-recalc-dims=\"1\" \/><div class=\"caption-wrap\"><div class=\"caption\">Der malerische Ort Eulenbruch aus der \"Eisvogel\"-Perspektive \ud83d\ude42<\/div><\/div><\/li>\n            <li style='display: none;' aria-roledescription='slide' aria-labelledby='slide-5'><img loading=\"lazy\" decoding=\"async\" src=\"https:\/\/i0.wp.com\/pension-eulenhof.vasters.de\/wp-content\/uploads\/2016\/09\/01-800x600.jpg?resize=800%2C600&#038;ssl=1\" height=\"600\" width=\"800\" alt=\"\" class=\"slider-159 slide-443\" data-recalc-dims=\"1\" \/><div class=\"caption-wrap\"><div class=\"caption\">Pavillon am See. <\/div><\/div><\/li>\n            <li style='display: none;' aria-roledescription='slide' aria-labelledby='slide-6'><img loading=\"lazy\" decoding=\"async\" src=\"https:\/\/i0.wp.com\/pension-eulenhof.vasters.de\/wp-content\/uploads\/2016\/09\/02-800x600.jpg?resize=800%2C600&#038;ssl=1\" height=\"600\" width=\"800\" alt=\"\" class=\"slider-159 slide-444\" data-recalc-dims=\"1\" \/><div class=\"caption-wrap\"><div class=\"caption\">Gem\u00fctlichkeit.<\/div><\/div><\/li>\n            <li style='display: none;' aria-roledescription='slide' aria-labelledby='slide-7'><img loading=\"lazy\" decoding=\"async\" src=\"https:\/\/i0.wp.com\/pension-eulenhof.vasters.de\/wp-content\/uploads\/2016\/09\/03-800x600.jpg?resize=800%2C600&#038;ssl=1\" height=\"600\" width=\"800\" alt=\"\" class=\"slider-159 slide-445\" data-recalc-dims=\"1\" \/><div class=\"caption-wrap\"><div class=\"caption\">Klingel 2.0 \ud83d\ude42<\/div><\/div><\/li>\n            <li style='display: none;' aria-roledescription='slide' aria-labelledby='slide-8'><img loading=\"lazy\" decoding=\"async\" src=\"https:\/\/i0.wp.com\/pension-eulenhof.vasters.de\/wp-content\/uploads\/2016\/09\/05-800x600.jpg?resize=800%2C600&#038;ssl=1\" height=\"600\" width=\"800\" alt=\"\" class=\"slider-159 slide-447\" data-recalc-dims=\"1\" \/><div class=\"caption-wrap\"><div class=\"caption\">Die Pension Eulenhof.<\/div><\/div><\/li>\n            <li style='display: none;' aria-roledescription='slide' aria-labelledby='slide-9'><img loading=\"lazy\" decoding=\"async\" src=\"https:\/\/i0.wp.com\/pension-eulenhof.vasters.de\/wp-content\/uploads\/2016\/09\/06-800x600.jpg?resize=800%2C600&#038;ssl=1\" height=\"600\" width=\"800\" alt=\"\" class=\"slider-159 slide-448\" data-recalc-dims=\"1\" \/><\/li>\n            <li style='display: none;' aria-roledescription='slide' aria-labelledby='slide-10'><img loading=\"lazy\" decoding=\"async\" src=\"https:\/\/i0.wp.com\/pension-eulenhof.vasters.de\/wp-content\/uploads\/2016\/09\/08-800x600.jpg?resize=800%2C600&#038;ssl=1\" height=\"600\" width=\"800\" alt=\"\" class=\"slider-159 slide-450\" data-recalc-dims=\"1\" \/><\/li>\n            <li style='display: none;' aria-roledescription='slide' aria-labelledby='slide-11'><img loading=\"lazy\" decoding=\"async\" src=\"https:\/\/i0.wp.com\/pension-eulenhof.vasters.de\/wp-content\/uploads\/2016\/09\/12-800x600.jpg?resize=800%2C600&#038;ssl=1\" height=\"600\" width=\"800\" alt=\"\" class=\"slider-159 slide-454\" data-recalc-dims=\"1\" \/><div class=\"caption-wrap\"><div class=\"caption\">Eulenhof<\/div><\/div><\/li>\n            <li style='display: none;' aria-roledescription='slide' aria-labelledby='slide-12'><img loading=\"lazy\" decoding=\"async\" src=\"https:\/\/i0.wp.com\/pension-eulenhof.vasters.de\/wp-content\/uploads\/2016\/09\/13-800x600.jpg?resize=800%2C600&#038;ssl=1\" height=\"600\" width=\"800\" alt=\"\" class=\"slider-159 slide-455\" data-recalc-dims=\"1\" \/><div class=\"caption-wrap\"><div class=\"caption\">Frau Thekla zu Besuch<\/div><\/div><\/li>\n            <li style='display: none;' aria-roledescription='slide' aria-labelledby='slide-13'><img loading=\"lazy\" decoding=\"async\" src=\"https:\/\/i0.wp.com\/pension-eulenhof.vasters.de\/wp-content\/uploads\/2016\/09\/14-800x600.jpg?resize=800%2C600&#038;ssl=1\" height=\"600\" width=\"800\" alt=\"\" class=\"slider-159 slide-456\" data-recalc-dims=\"1\" \/><\/li>\n            <li style='display: none;' aria-roledescription='slide' aria-labelledby='slide-14'><img loading=\"lazy\" decoding=\"async\" src=\"https:\/\/i0.wp.com\/pension-eulenhof.vasters.de\/wp-content\/uploads\/2016\/09\/16-800x600.jpg?resize=800%2C600&#038;ssl=1\" height=\"600\" width=\"800\" alt=\"\" class=\"slider-159 slide-458\" data-recalc-dims=\"1\" \/><div class=\"caption-wrap\"><div class=\"caption\">Eulen, Eulen, Eulen<\/div><\/div><\/li>\n            <li style='display: none;' aria-roledescription='slide' aria-labelledby='slide-15'><img loading=\"lazy\" decoding=\"async\" src=\"https:\/\/i0.wp.com\/pension-eulenhof.vasters.de\/wp-content\/uploads\/2016\/10\/02-800x600.jpg?resize=800%2C600&#038;ssl=1\" height=\"600\" width=\"800\" alt=\"\" class=\"slider-159 slide-472\" data-recalc-dims=\"1\" \/><div class=\"caption-wrap\"><div class=\"caption\">Siegauen beim Eulenhof.<\/div><\/div><\/li>\n            <li style='display: none;' aria-roledescription='slide' aria-labelledby='slide-16'><img loading=\"lazy\" decoding=\"async\" src=\"https:\/\/i0.wp.com\/pension-eulenhof.vasters.de\/wp-content\/uploads\/2016\/10\/03-800x600.jpg?resize=800%2C600&#038;ssl=1\" height=\"600\" width=\"800\" alt=\"\" class=\"slider-159 slide-473\" data-recalc-dims=\"1\" \/><div class=\"caption-wrap\"><div class=\"caption\">Siegverlauf beim Eulenhof.<\/div><\/div><\/li>\n            <li style='display: none;' aria-roledescription='slide' aria-labelledby='slide-17'><img loading=\"lazy\" decoding=\"async\" src=\"https:\/\/i0.wp.com\/pension-eulenhof.vasters.de\/wp-content\/uploads\/2016\/10\/04-800x600.jpg?resize=800%2C600&#038;ssl=1\" height=\"600\" width=\"800\" alt=\"\" class=\"slider-159 slide-474\" data-recalc-dims=\"1\" \/><div class=\"caption-wrap\"><div class=\"caption\">Die pitoreske Atmosph\u00e4re der Sieg hinter dem Eulenhof.<\/div><\/div><\/li>\n            <li style='display: none;' aria-roledescription='slide' aria-labelledby='slide-18'><img loading=\"lazy\" decoding=\"async\" src=\"https:\/\/i0.wp.com\/pension-eulenhof.vasters.de\/wp-content\/uploads\/2017\/04\/WP_20170311_20_13_38_Pro-e1491728252905-800x600.jpg?resize=800%2C600&#038;ssl=1\" height=\"600\" width=\"800\" alt=\"\" class=\"slider-159 slide-553\" data-recalc-dims=\"1\" \/><div class=\"caption-wrap\"><div class=\"caption\">Lagerfeuerromantik im Eulenhof<\/div><\/div><\/li>\n            <li style='display: none;' aria-roledescription='slide' aria-labelledby='slide-19'><img loading=\"lazy\" decoding=\"async\" src=\"https:\/\/i0.wp.com\/pension-eulenhof.vasters.de\/wp-content\/uploads\/2017\/04\/WP_20170226_09_49_54_Pro-e1491728440895-800x600.jpg?resize=800%2C600&#038;ssl=1\" height=\"600\" width=\"800\" alt=\"\" class=\"slider-159 slide-549\" data-recalc-dims=\"1\" \/><div class=\"caption-wrap\"><div class=\"caption\">Reichhaltiges Fr\u00fchst\u00fccksbuffet<\/div><\/div><\/li>\n            <li style='display: none;' aria-roledescription='slide' aria-labelledby='slide-20'><img loading=\"lazy\" decoding=\"async\" src=\"https:\/\/i0.wp.com\/pension-eulenhof.vasters.de\/wp-content\/uploads\/2017\/04\/WP_20170226_09_44_49_Pro-e1491728472640-800x600.jpg?resize=800%2C600&#038;ssl=1\" height=\"600\" width=\"800\" alt=\"\" class=\"slider-159 slide-548\" data-recalc-dims=\"1\" \/><div class=\"caption-wrap\"><div class=\"caption\">Reichhaltiges Fr\u00fchst\u00fccksbuffet<\/div><\/div><\/li>\n            <li style='display: none;' aria-roledescription='slide' aria-labelledby='slide-21'><img loading=\"lazy\" decoding=\"async\" src=\"https:\/\/i0.wp.com\/pension-eulenhof.vasters.de\/wp-content\/uploads\/2017\/04\/WP_20170205_09_32_09_Rich-e1491728570454-800x600.jpg?resize=800%2C600&#038;ssl=1\" height=\"600\" width=\"800\" alt=\"\" class=\"slider-159 slide-547\" data-recalc-dims=\"1\" \/><div class=\"caption-wrap\"><div class=\"caption\">Eulenhof - Weg zur Sieg<\/div><\/div><\/li>\n            <li style='display: none;' aria-roledescription='slide' aria-labelledby='slide-22'><img loading=\"lazy\" decoding=\"async\" src=\"https:\/\/i0.wp.com\/pension-eulenhof.vasters.de\/wp-content\/uploads\/2017\/04\/WP_20170205_09_27_10_Rich-e1491728585431-800x600.jpg?resize=800%2C600&#038;ssl=1\" height=\"600\" width=\"800\" alt=\"\" class=\"slider-159 slide-546\" data-recalc-dims=\"1\" \/><div class=\"caption-wrap\"><div class=\"caption\">Unber\u00fchrte Siegauen (100m hinter dem Eulenhof)<\/div><\/div><\/li>\n            <li style='display: none;' aria-roledescription='slide' aria-labelledby='slide-23'><img loading=\"lazy\" decoding=\"async\" src=\"https:\/\/i0.wp.com\/pension-eulenhof.vasters.de\/wp-content\/uploads\/2017\/04\/Spring-2-800x600.jpg?resize=800%2C600&#038;ssl=1\" height=\"600\" width=\"800\" alt=\"\" class=\"slider-159 slide-541\" data-recalc-dims=\"1\" \/><div class=\"caption-wrap\"><div class=\"caption\">Fr\u00fchlingerwachen<\/div><\/div><\/li>\n            <li style='display: none;' aria-roledescription='slide' aria-labelledby='slide-24'><img loading=\"lazy\" decoding=\"async\" src=\"https:\/\/i0.wp.com\/pension-eulenhof.vasters.de\/wp-content\/uploads\/2017\/04\/FullSizeRender-800x600.jpg?resize=800%2C600&#038;ssl=1\" height=\"600\" width=\"800\" alt=\"\" class=\"slider-159 slide-538\" data-recalc-dims=\"1\" \/><div class=\"caption-wrap\"><div class=\"caption\">Das Pepojoma Kwartett zu Gast im Eulenhof<\/div><\/div><\/li>\n            <li style='display: none;' aria-roledescription='slide' aria-labelledby='slide-25'><img loading=\"lazy\" decoding=\"async\" src=\"https:\/\/i0.wp.com\/pension-eulenhof.vasters.de\/wp-content\/uploads\/2017\/04\/04-800x600.jpg?resize=800%2C600&#038;ssl=1\" height=\"600\" width=\"800\" alt=\"\" class=\"slider-159 slide-537\" data-recalc-dims=\"1\" \/><div class=\"caption-wrap\"><div class=\"caption\">Das Pepojoma Kwartett zu Gast im Eulenhof<\/div><\/div><\/li>\n            <li style='display: none;' aria-roledescription='slide' aria-labelledby='slide-26'><img loading=\"lazy\" decoding=\"async\" src=\"https:\/\/i0.wp.com\/pension-eulenhof.vasters.de\/wp-content\/uploads\/2018\/05\/unbenannt3von68-800x600.jpg?resize=800%2C600&#038;ssl=1\" height=\"600\" width=\"800\" alt=\"\" class=\"slider-159 slide-597\" data-recalc-dims=\"1\" \/><div class=\"caption-wrap\"><div class=\"caption\">Ihre Gastgeber<\/div><\/div><\/li>\n            <li style='display: none;' aria-roledescription='slide' aria-labelledby='slide-27'><img loading=\"lazy\" decoding=\"async\" src=\"https:\/\/i0.wp.com\/pension-eulenhof.vasters.de\/wp-content\/uploads\/2017\/04\/02-800x600.jpg?resize=800%2C600&#038;ssl=1\" height=\"600\" width=\"800\" alt=\"\" class=\"slider-159 slide-536\" data-recalc-dims=\"1\" \/><div class=\"caption-wrap\"><div class=\"caption\">Das Pepojoma Kwartett zu Gast im Eulenhof<\/div><\/div><\/li>\n            <li style='display: none;' aria-roledescription='slide' aria-labelledby='slide-28'><img loading=\"lazy\" decoding=\"async\" src=\"https:\/\/i0.wp.com\/pension-eulenhof.vasters.de\/wp-content\/uploads\/2018\/05\/eulenhof_zimmer1-800x600.jpg?resize=800%2C600&#038;ssl=1\" height=\"600\" width=\"800\" alt=\"\" class=\"slider-159 slide-592\" data-recalc-dims=\"1\" \/><\/li>\n            <li style='display: none;' aria-roledescription='slide' aria-labelledby='slide-29'><img loading=\"lazy\" decoding=\"async\" src=\"https:\/\/i0.wp.com\/pension-eulenhof.vasters.de\/wp-content\/uploads\/2018\/05\/eulenhof_zimmer2-800x600.jpg?resize=800%2C600&#038;ssl=1\" height=\"600\" width=\"800\" alt=\"\" class=\"slider-159 slide-593\" data-recalc-dims=\"1\" \/><\/li>\n            <li style='display: none;' aria-roledescription='slide' aria-labelledby='slide-30'><img loading=\"lazy\" decoding=\"async\" src=\"https:\/\/i0.wp.com\/pension-eulenhof.vasters.de\/wp-content\/uploads\/2018\/05\/eulenhof_zimmer3-800x600.jpg?resize=800%2C600&#038;ssl=1\" height=\"600\" width=\"800\" alt=\"\" class=\"slider-159 slide-594\" data-recalc-dims=\"1\" \/><\/li>\n            <li style='display: none;' aria-roledescription='slide' aria-labelledby='slide-31'><img loading=\"lazy\" decoding=\"async\" src=\"https:\/\/i0.wp.com\/pension-eulenhof.vasters.de\/wp-content\/uploads\/2018\/05\/eulenhof_zimmer4-800x600.jpg?resize=800%2C600&#038;ssl=1\" height=\"600\" width=\"800\" alt=\"\" class=\"slider-159 slide-595\" data-recalc-dims=\"1\" \/><\/li>\n            <li style='display: none;' aria-roledescription='slide' aria-labelledby='slide-32'><img loading=\"lazy\" decoding=\"async\" src=\"https:\/\/i0.wp.com\/pension-eulenhof.vasters.de\/wp-content\/uploads\/2018\/05\/unbenannt1von796-800x600.jpg?resize=800%2C600&#038;ssl=1\" height=\"600\" width=\"800\" alt=\"\" class=\"slider-159 slide-596\" data-recalc-dims=\"1\" \/><\/li>\n            <li style='display: none;' aria-roledescription='slide' aria-labelledby='slide-33'><img loading=\"lazy\" decoding=\"async\" src=\"https:\/\/i0.wp.com\/pension-eulenhof.vasters.de\/wp-content\/uploads\/2018\/05\/unbenannt350von796-800x600.jpg?resize=800%2C600&#038;ssl=1\" height=\"600\" width=\"800\" alt=\"\" class=\"slider-159 slide-599\" data-recalc-dims=\"1\" \/><div class=\"caption-wrap\"><div class=\"caption\">Ihre Gastgeber<\/div><\/div><\/li>\n        <\/ul>\n        \n    <\/div>\n<\/div>\n<p>&nbsp;<\/p>\n<p>&nbsp;<\/p>\n<p>&nbsp;<\/p>\n","protected":false},"excerpt":{"rendered":"<p>&nbsp; &nbsp; &nbsp;<\/p>\n<p class=\"continue-reading-button\"> <a class=\"continue-reading-link\" href=\"https:\/\/pension-eulenhof.vasters.de\/?page_id=45\">Continue reading<i class=\"crycon-right-dir\"><\/i><\/a><\/p>\n","protected":false},"author":1,"featured_media":0,"parent":0,"menu_order":0,"comment_status":"closed","ping_status":"closed","template":"templates\/template-twocolumns-right.php","meta":{"jetpack_post_was_ever_published":false,"footnotes":""},"jetpack_sharing_enabled":true,"jetpack_shortlink":"https:\/\/wp.me\/P7BQST-J","jetpack-related-posts":[{"id":289,"url":"https:\/\/pension-eulenhof.vasters.de\/?page_id=289","url_meta":{"origin":45,"position":0},"title":"Impressum","author":"bvasters","date":"Juni 19, 2016","format":false,"excerpt":"Pension Eulenhof Magdalena Vasters Im Eulenbruch 12 51570 Windeck-Rosbach Steuernummer: 220\/5475\/2111 Umsatzsteuer-Identifikationsnummer (USt-IdNr.): DE307905274 Haftungsausschluss Inhalt des Onlineangebotes Der Autor \u00fcbernimmt keinerlei Gew\u00e4hr f\u00fcr die Aktualit\u00e4t, Korrektheit, Vollst\u00e4ndigkeit oder Qualit\u00e4t der bereitgestellten Informationen. Haftungsanspr\u00fcche gegen den Autor, welche sich auf Sch\u00e4den materieller oder ideeller Art beziehen, die durch die Nutzung\u2026","rel":"","context":"\u00c4hnlicher Beitrag","block_context":{"text":"\u00c4hnlicher Beitrag","link":""},"img":{"alt_text":"","src":"","width":0,"height":0},"classes":[]},{"id":341,"url":"https:\/\/pension-eulenhof.vasters.de\/?page_id=341","url_meta":{"origin":45,"position":1},"title":"Test","author":"bvasters","date":"Juni 19, 2016","format":false,"excerpt":"[wrc-pricing-table id='1']","rel":"","context":"\u00c4hnlicher Beitrag","block_context":{"text":"\u00c4hnlicher Beitrag","link":""},"img":{"alt_text":"","src":"","width":0,"height":0},"classes":[]},{"id":192,"url":"https:\/\/pension-eulenhof.vasters.de\/?page_id=192","url_meta":{"origin":45,"position":2},"title":"Kontakt","author":"bvasters","date":"Juni 18, 2016","format":false,"excerpt":"31.05.-02.06.2024 (K\u00e4rbholzheimspiel) bitte nicht mehr anfragen. Wir sind ausgebucht! Gerne nehmen wir IHRE Anfrage per Festnetz 02292 - 959 276 oder per Mobiltelefon 0177 - 555 1975 oder per Email entgegen. Bitte ber\u00fccksichtigen Sie bei Ihrer Anfrage, dass wir lediglich \u00fcber Einzel- und Doppelzimmer verf\u00fcgen. Die Unterbringung in Zustell- oder\u2026","rel":"","context":"\u00c4hnlicher Beitrag","block_context":{"text":"\u00c4hnlicher Beitrag","link":""},"img":{"alt_text":"","src":"","width":0,"height":0},"classes":[]},{"id":600,"url":"https:\/\/pension-eulenhof.vasters.de\/?page_id=600","url_meta":{"origin":45,"position":3},"title":"Datenschutzerkl\u00e4rung","author":"bvasters","date":"Mai 16, 2018","format":false,"excerpt":"Diese Datenschutzerkl\u00e4rung kl\u00e4rt Sie \u00fcber die Art, den Umfang und Zweck der Verarbeitung von personenbezogenen Daten (nachfolgend kurz \u201eDaten\u201c) innerhalb unseres Onlineangebotes und der mit ihm verbundenen Webseiten, Funktionen und Inhalte sowie externen Onlinepr\u00e4senzen, wie z.B. unser Social Media Profile auf. (nachfolgend gemeinsam bezeichnet als \u201eOnlineangebot\u201c). Im Hinblick auf die\u2026","rel":"","context":"\u00c4hnlicher Beitrag","block_context":{"text":"\u00c4hnlicher Beitrag","link":""},"img":{"alt_text":"","src":"","width":0,"height":0},"classes":[]}],"_links":{"self":[{"href":"https:\/\/pension-eulenhof.vasters.de\/index.php?rest_route=\/wp\/v2\/pages\/45"}],"collection":[{"href":"https:\/\/pension-eulenhof.vasters.de\/index.php?rest_route=\/wp\/v2\/pages"}],"about":[{"href":"https:\/\/pension-eulenhof.vasters.de\/index.php?rest_route=\/wp\/v2\/types\/page"}],"author":[{"embeddable":true,"href":"https:\/\/pension-eulenhof.vasters.de\/index.php?rest_route=\/wp\/v2\/users\/1"}],"replies":[{"embeddable":true,"href":"https:\/\/pension-eulenhof.vasters.de\/index.php?rest_route=%2Fwp%2Fv2%2Fcomments&post=45"}],"version-history":[{"count":10,"href":"https:\/\/pension-eulenhof.vasters.de\/index.php?rest_route=\/wp\/v2\/pages\/45\/revisions"}],"predecessor-version":[{"id":375,"href":"https:\/\/pension-eulenhof.vasters.de\/index.php?rest_route=\/wp\/v2\/pages\/45\/revisions\/375"}],"wp:attachment":[{"href":"https:\/\/pension-eulenhof.vasters.de\/index.php?rest_route=%2Fwp%2Fv2%2Fmedia&parent=45"}],"curies":[{"name":"wp","href":"https:\/\/api.w.org\/{rel}","templated":true}]}}