{"id":408,"date":"2016-08-01T18:58:15","date_gmt":"2016-08-01T18:58:15","guid":{"rendered":"http:\/\/pension-eulenhof.vasters.de\/?page_id=408"},"modified":"2020-05-10T12:34:33","modified_gmt":"2020-05-10T12:34:33","slug":"kooperationspartner","status":"publish","type":"page","link":"https:\/\/pension-eulenhof.vasters.de\/?page_id=408","title":{"rendered":"Partner"},"content":{"rendered":"<p>Freunde des Angelsportes bekommen im Gasthof Rolandseck Tagesscheine\u00a0f\u00fcr das Vereinsgew\u00e4sser des ASV\u00a0Obere Sieg e.V. zum Preis von 8,00 Euro. Weitere Infos auf der Internetseite des Gasthof Rolandseck unter der Rubrik: Angeln an der Sieg. Lecker Bierchen und schmackhaftes Essen gibt es im Gasthof nat\u00fcrlich auch.<\/p>\n<p><strong>Gasthof Rolandseck<\/strong><br \/>\nRathaustra\u00dfe 47<br \/>\nan der Kreuzung\/Ecke &#8211; Hurster Stra\u00dfe<br \/>\n51570 Windeck<\/p>\n<p><a href=\"http:\/\/www.gasthof-rolandseck.de\">http:\/\/www.gasthof-rolandseck.de<\/a><\/p>\n<p><a href=\"https:\/\/i0.wp.com\/pension-eulenhof.vasters.de\/wp-content\/uploads\/2016\/08\/cache_5207355.jpg\"><img loading=\"lazy\" decoding=\"async\" data-attachment-id=\"510\" data-permalink=\"https:\/\/pension-eulenhof.vasters.de\/?attachment_id=510\" data-orig-file=\"https:\/\/i0.wp.com\/pension-eulenhof.vasters.de\/wp-content\/uploads\/2016\/08\/cache_5207355.jpg?fit=800%2C600&amp;ssl=1\" data-orig-size=\"800,600\" data-comments-opened=\"1\" data-image-meta=\"{&quot;aperture&quot;:&quot;0&quot;,&quot;credit&quot;:&quot;&quot;,&quot;camera&quot;:&quot;&quot;,&quot;caption&quot;:&quot;&quot;,&quot;created_timestamp&quot;:&quot;0&quot;,&quot;copyright&quot;:&quot;&quot;,&quot;focal_length&quot;:&quot;0&quot;,&quot;iso&quot;:&quot;0&quot;,&quot;shutter_speed&quot;:&quot;0&quot;,&quot;title&quot;:&quot;&quot;,&quot;orientation&quot;:&quot;0&quot;}\" data-image-title=\"cache_5207355\" data-image-description=\"\" data-image-caption=\"\" data-medium-file=\"https:\/\/i0.wp.com\/pension-eulenhof.vasters.de\/wp-content\/uploads\/2016\/08\/cache_5207355.jpg?fit=300%2C225&amp;ssl=1\" data-large-file=\"https:\/\/i0.wp.com\/pension-eulenhof.vasters.de\/wp-content\/uploads\/2016\/08\/cache_5207355.jpg?fit=800%2C600&amp;ssl=1\" class=\"alignnone wp-image-510\" src=\"https:\/\/i0.wp.com\/pension-eulenhof.vasters.de\/wp-content\/uploads\/2016\/08\/cache_5207355.jpg?resize=179%2C134\" alt=\"cache_5207355\" width=\"179\" height=\"134\" srcset=\"https:\/\/i0.wp.com\/pension-eulenhof.vasters.de\/wp-content\/uploads\/2016\/08\/cache_5207355.jpg?w=800&amp;ssl=1 800w, https:\/\/i0.wp.com\/pension-eulenhof.vasters.de\/wp-content\/uploads\/2016\/08\/cache_5207355.jpg?resize=300%2C225&amp;ssl=1 300w, https:\/\/i0.wp.com\/pension-eulenhof.vasters.de\/wp-content\/uploads\/2016\/08\/cache_5207355.jpg?resize=200%2C150&amp;ssl=1 200w, https:\/\/i0.wp.com\/pension-eulenhof.vasters.de\/wp-content\/uploads\/2016\/08\/cache_5207355.jpg?resize=150%2C113&amp;ssl=1 150w\" sizes=\"(max-width: 179px) 100vw, 179px\" data-recalc-dims=\"1\" \/><\/a><\/p>\n<p>Lieber eine moderne Ferienwohnung f\u00fcr maximal 4 Personen? Dann hei\u00dft Sie unser Kooperationspartner und Qualit\u00e4tsgastgeber Sieg Benno Leuwer herzlich willkommen. <strong><br \/>\n<\/strong><\/p>\n<p><strong>Ferienwohnung Leuwer<\/strong><br \/>\nWardenbacher Stra\u00dfe 16<br \/>\n51570 Windeck-Rosbach<\/p>\n<p><a href=\"http:\/\/www.ferienwohnung-leuwer.de\">http:\/\/www.ferienwohnung-leuwer.de<\/a><\/p>\n<p><a href=\"https:\/\/i0.wp.com\/pension-eulenhof.vasters.de\/wp-content\/uploads\/2016\/08\/index.php_.jpg\"><img loading=\"lazy\" decoding=\"async\" data-attachment-id=\"512\" data-permalink=\"https:\/\/pension-eulenhof.vasters.de\/?attachment_id=512\" data-orig-file=\"https:\/\/i0.wp.com\/pension-eulenhof.vasters.de\/wp-content\/uploads\/2016\/08\/index.php_.jpg?fit=300%2C225&amp;ssl=1\" data-orig-size=\"300,225\" data-comments-opened=\"1\" data-image-meta=\"{&quot;aperture&quot;:&quot;0&quot;,&quot;credit&quot;:&quot;&quot;,&quot;camera&quot;:&quot;&quot;,&quot;caption&quot;:&quot;&quot;,&quot;created_timestamp&quot;:&quot;0&quot;,&quot;copyright&quot;:&quot;&quot;,&quot;focal_length&quot;:&quot;0&quot;,&quot;iso&quot;:&quot;0&quot;,&quot;shutter_speed&quot;:&quot;0&quot;,&quot;title&quot;:&quot;&quot;,&quot;orientation&quot;:&quot;0&quot;}\" data-image-title=\"index.php\" data-image-description=\"\" data-image-caption=\"\" data-medium-file=\"https:\/\/i0.wp.com\/pension-eulenhof.vasters.de\/wp-content\/uploads\/2016\/08\/index.php_.jpg?fit=300%2C225&amp;ssl=1\" data-large-file=\"https:\/\/i0.wp.com\/pension-eulenhof.vasters.de\/wp-content\/uploads\/2016\/08\/index.php_.jpg?fit=300%2C225&amp;ssl=1\" class=\"alignnone wp-image-512\" src=\"https:\/\/i0.wp.com\/pension-eulenhof.vasters.de\/wp-content\/uploads\/2016\/08\/index.php_.jpg?resize=184%2C138\" alt=\"index.php\" width=\"184\" height=\"138\" srcset=\"https:\/\/i0.wp.com\/pension-eulenhof.vasters.de\/wp-content\/uploads\/2016\/08\/index.php_.jpg?w=300&amp;ssl=1 300w, https:\/\/i0.wp.com\/pension-eulenhof.vasters.de\/wp-content\/uploads\/2016\/08\/index.php_.jpg?resize=200%2C150&amp;ssl=1 200w, https:\/\/i0.wp.com\/pension-eulenhof.vasters.de\/wp-content\/uploads\/2016\/08\/index.php_.jpg?resize=150%2C113&amp;ssl=1 150w\" sizes=\"(max-width: 184px) 100vw, 184px\" data-recalc-dims=\"1\" \/><\/a><\/p>\n<p>Idyllisches \u00dcbernachten in einer liebevoll eingerichteten Ferienwohnung gef\u00e4llig? Kerstin Schneider begr\u00fc\u00dft Sie gerne als Qualit\u00e4tsgastgeberin Sieg in ihrem roten Fachwerkhaus.<\/p>\n<p><strong>Ferienwohnung &#8222;Rotes Fachwerkhaus&#8220;<\/strong><br \/>\nKerstin Schneider<br \/>\nZum Hof 20<br \/>\n51570 Windeck-Langenberg<\/p>\n<p>Fon:\u00a0\u00a0\u00a0\u00a0 +49 (0)2292 &#8211; 680 414<br \/>\nFax:\u00a0\u00a0\u00a0\u00a0 +49 (0)2292 &#8211; 680 415<br \/>\nE-Mail:\u00a0 info[at]rotesfachwerkhaus.de<\/p>\n<p><a href=\"http:\/\/www.rotesfachwerkhaus.de\">http:\/\/www.rotesfachwerkhaus.de<\/a><\/p>\n<p align=\"justify\"><a href=\"http:\/\/www.rotesfachwerkhaus.de\"><img loading=\"lazy\" decoding=\"async\" data-attachment-id=\"493\" data-permalink=\"https:\/\/pension-eulenhof.vasters.de\/?attachment_id=493\" data-orig-file=\"https:\/\/i0.wp.com\/pension-eulenhof.vasters.de\/wp-content\/uploads\/2016\/08\/logo.jpg?fit=149%2C181&amp;ssl=1\" data-orig-size=\"149,181\" data-comments-opened=\"1\" data-image-meta=\"{&quot;aperture&quot;:&quot;0&quot;,&quot;credit&quot;:&quot;&quot;,&quot;camera&quot;:&quot;&quot;,&quot;caption&quot;:&quot;&quot;,&quot;created_timestamp&quot;:&quot;0&quot;,&quot;copyright&quot;:&quot;&quot;,&quot;focal_length&quot;:&quot;0&quot;,&quot;iso&quot;:&quot;0&quot;,&quot;shutter_speed&quot;:&quot;0&quot;,&quot;title&quot;:&quot;&quot;,&quot;orientation&quot;:&quot;1&quot;}\" data-image-title=\"Rotes Fachwerkhaus\" data-image-description=\"\" data-image-caption=\"&lt;p&gt;Rotes Fachwerkhaus&lt;\/p&gt;\n\" data-medium-file=\"https:\/\/i0.wp.com\/pension-eulenhof.vasters.de\/wp-content\/uploads\/2016\/08\/logo.jpg?fit=149%2C181&amp;ssl=1\" data-large-file=\"https:\/\/i0.wp.com\/pension-eulenhof.vasters.de\/wp-content\/uploads\/2016\/08\/logo.jpg?fit=149%2C181&amp;ssl=1\" class=\"alignnone size-full wp-image-493\" src=\"https:\/\/i0.wp.com\/pension-eulenhof.vasters.de\/wp-content\/uploads\/2016\/08\/logo.jpg?resize=149%2C181\" alt=\"logo\" width=\"149\" height=\"181\" srcset=\"https:\/\/i0.wp.com\/pension-eulenhof.vasters.de\/wp-content\/uploads\/2016\/08\/logo.jpg?w=149&amp;ssl=1 149w, https:\/\/i0.wp.com\/pension-eulenhof.vasters.de\/wp-content\/uploads\/2016\/08\/logo.jpg?resize=123%2C150&amp;ssl=1 123w\" sizes=\"(max-width: 149px) 100vw, 149px\" data-recalc-dims=\"1\" \/><\/a><\/p>\n<p align=\"justify\">Pension oder Ferienwohnung zu klein? Dann gef\u00e4llt Ihnen bestimmt das Fachwerkhaus an der Wasserburg Mauel mit Fachwerkromantik auf 110 qm. Das Fachwerkhaus an der Wasserburg geh\u00f6rt ebenfalls zu den zertifizierten Qualit\u00e4tsgastgebern Sieg.\u00a0 Ihre Ansprechpartnerin und Gastgeberin ist Gaby Lenz.<\/p>\n<p align=\"justify\"><strong>Fachwerkhaus an der Wasserburg<\/strong><\/p>\n<p align=\"justify\">Gaby Lenz<br \/>\nWasserburg 9<br \/>\n51570 Windeck-Mauel<\/p>\n<p><strong>Kontakt:<\/strong><\/p>\n<p>Fon: 0 22 92 &#8211; 63 01<br \/>\nFax: 0 22 92 &#8211; 68 09 07<br \/>\nMobil: 01 74 &#8211; 400 80 46<br \/>\nMail: <a class=\" link\" href=\"mailto:info@fachwerkhaus-wasserburg.de\">info@fachwerkhaus-wasserburg.de<\/a><\/p>\n<p><a href=\"http:\/\/www.fachwerkhaus-wasserburg.de\">http:\/\/www.fachwerkhaus-wasserburg.de<\/a><\/p>\n<p align=\"justify\"><a href=\"http:\/\/www.fachwerkhaus-wasserburg.de\"><img loading=\"lazy\" decoding=\"async\" data-attachment-id=\"496\" data-permalink=\"https:\/\/pension-eulenhof.vasters.de\/?attachment_id=496\" data-orig-file=\"https:\/\/i0.wp.com\/pension-eulenhof.vasters.de\/wp-content\/uploads\/2016\/08\/Aussen-Juni-20122.jpg?fit=500%2C372&amp;ssl=1\" data-orig-size=\"500,372\" data-comments-opened=\"1\" data-image-meta=\"{&quot;aperture&quot;:&quot;3.3&quot;,&quot;credit&quot;:&quot;&quot;,&quot;camera&quot;:&quot;SAMSUNG ST30&quot;,&quot;caption&quot;:&quot;&quot;,&quot;created_timestamp&quot;:&quot;1340714280&quot;,&quot;copyright&quot;:&quot;COPYRIGHT,2011&quot;,&quot;focal_length&quot;:&quot;4.1&quot;,&quot;iso&quot;:&quot;80&quot;,&quot;shutter_speed&quot;:&quot;0.00125&quot;,&quot;title&quot;:&quot;&quot;,&quot;orientation&quot;:&quot;1&quot;}\" data-image-title=\"Fachwerkhaus an der Wasserburg\" data-image-description=\"\" data-image-caption=\"&lt;p&gt;Fachwerkhaus an der Wasserburg&lt;\/p&gt;\n\" data-medium-file=\"https:\/\/i0.wp.com\/pension-eulenhof.vasters.de\/wp-content\/uploads\/2016\/08\/Aussen-Juni-20122.jpg?fit=300%2C223&amp;ssl=1\" data-large-file=\"https:\/\/i0.wp.com\/pension-eulenhof.vasters.de\/wp-content\/uploads\/2016\/08\/Aussen-Juni-20122.jpg?fit=500%2C372&amp;ssl=1\" class=\"alignnone wp-image-496\" src=\"https:\/\/i0.wp.com\/pension-eulenhof.vasters.de\/wp-content\/uploads\/2016\/08\/Aussen-Juni-20122.jpg?resize=190%2C141\" alt=\"Aussen-Juni-20122\" width=\"190\" height=\"141\" srcset=\"https:\/\/i0.wp.com\/pension-eulenhof.vasters.de\/wp-content\/uploads\/2016\/08\/Aussen-Juni-20122.jpg?w=500&amp;ssl=1 500w, https:\/\/i0.wp.com\/pension-eulenhof.vasters.de\/wp-content\/uploads\/2016\/08\/Aussen-Juni-20122.jpg?resize=300%2C223&amp;ssl=1 300w, https:\/\/i0.wp.com\/pension-eulenhof.vasters.de\/wp-content\/uploads\/2016\/08\/Aussen-Juni-20122.jpg?resize=202%2C150&amp;ssl=1 202w, https:\/\/i0.wp.com\/pension-eulenhof.vasters.de\/wp-content\/uploads\/2016\/08\/Aussen-Juni-20122.jpg?resize=150%2C112&amp;ssl=1 150w\" sizes=\"(max-width: 190px) 100vw, 190px\" data-recalc-dims=\"1\" \/><\/a><\/p>\n<p>Platz bis maximal 11 Personen findet man in dem <strong>\u201eFerienhaus Villa Alpaka\u201c<\/strong> in Windeck Kohlberg. Das 350 Jahre alte Fachwerkhaus wurde 2013 komplett saniert und vom DTV (Deutscher Tourismus Verband) mit 5 Sternen ausgezeichnet. Sie sind ebenfalls Qualit\u00e4tsgastgeber Sieg!<\/p>\n<p>Neben einer Fasssauna gibt es auch eine geschlossene Grillh\u00fctte im Erlebnisgarten.<\/p>\n<p><a href=\"https:\/\/i0.wp.com\/pension-eulenhof.vasters.de\/wp-content\/uploads\/2018\/07\/P1010204.jpg\"><img loading=\"lazy\" decoding=\"async\" data-attachment-id=\"608\" data-permalink=\"https:\/\/pension-eulenhof.vasters.de\/?attachment_id=608\" data-orig-file=\"https:\/\/i0.wp.com\/pension-eulenhof.vasters.de\/wp-content\/uploads\/2018\/07\/P1010204.jpg?fit=790%2C768&amp;ssl=1\" data-orig-size=\"790,768\" data-comments-opened=\"1\" data-image-meta=\"{&quot;aperture&quot;:&quot;8&quot;,&quot;credit&quot;:&quot;&quot;,&quot;camera&quot;:&quot;DMC-G5&quot;,&quot;caption&quot;:&quot;&quot;,&quot;created_timestamp&quot;:&quot;1429622275&quot;,&quot;copyright&quot;:&quot;&quot;,&quot;focal_length&quot;:&quot;18&quot;,&quot;iso&quot;:&quot;160&quot;,&quot;shutter_speed&quot;:&quot;0.0025&quot;,&quot;title&quot;:&quot;&quot;,&quot;orientation&quot;:&quot;1&quot;}\" data-image-title=\"P1010204\" data-image-description=\"\" data-image-caption=\"\" data-medium-file=\"https:\/\/i0.wp.com\/pension-eulenhof.vasters.de\/wp-content\/uploads\/2018\/07\/P1010204.jpg?fit=300%2C292&amp;ssl=1\" data-large-file=\"https:\/\/i0.wp.com\/pension-eulenhof.vasters.de\/wp-content\/uploads\/2018\/07\/P1010204.jpg?fit=790%2C768&amp;ssl=1\" class=\"alignnone wp-image-608\" src=\"https:\/\/i0.wp.com\/pension-eulenhof.vasters.de\/wp-content\/uploads\/2018\/07\/P1010204.jpg?resize=199%2C194\" alt=\"\" width=\"199\" height=\"194\" srcset=\"https:\/\/i0.wp.com\/pension-eulenhof.vasters.de\/wp-content\/uploads\/2018\/07\/P1010204.jpg?w=790&amp;ssl=1 790w, https:\/\/i0.wp.com\/pension-eulenhof.vasters.de\/wp-content\/uploads\/2018\/07\/P1010204.jpg?resize=300%2C292&amp;ssl=1 300w, https:\/\/i0.wp.com\/pension-eulenhof.vasters.de\/wp-content\/uploads\/2018\/07\/P1010204.jpg?resize=154%2C150&amp;ssl=1 154w, https:\/\/i0.wp.com\/pension-eulenhof.vasters.de\/wp-content\/uploads\/2018\/07\/P1010204.jpg?resize=150%2C146&amp;ssl=1 150w\" sizes=\"(max-width: 199px) 100vw, 199px\" data-recalc-dims=\"1\" \/><\/a><a href=\"http:\/\/pension-eulenhof.vasters.de\/wp-content\/uploads\/2016\/08\/alpaka.jpg\">\u00a0\u00a0\u00a0 <img loading=\"lazy\" decoding=\"async\" data-attachment-id=\"610\" data-permalink=\"https:\/\/pension-eulenhof.vasters.de\/?attachment_id=610\" data-orig-file=\"https:\/\/i0.wp.com\/pension-eulenhof.vasters.de\/wp-content\/uploads\/2016\/08\/alpaka.jpg?fit=256%2C171&amp;ssl=1\" data-orig-size=\"256,171\" data-comments-opened=\"1\" data-image-meta=\"{&quot;aperture&quot;:&quot;0&quot;,&quot;credit&quot;:&quot;&quot;,&quot;camera&quot;:&quot;&quot;,&quot;caption&quot;:&quot;&quot;,&quot;created_timestamp&quot;:&quot;0&quot;,&quot;copyright&quot;:&quot;&quot;,&quot;focal_length&quot;:&quot;0&quot;,&quot;iso&quot;:&quot;0&quot;,&quot;shutter_speed&quot;:&quot;0&quot;,&quot;title&quot;:&quot;&quot;,&quot;orientation&quot;:&quot;0&quot;}\" data-image-title=\"alpaka\" data-image-description=\"\" data-image-caption=\"\" data-medium-file=\"https:\/\/i0.wp.com\/pension-eulenhof.vasters.de\/wp-content\/uploads\/2016\/08\/alpaka.jpg?fit=256%2C171&amp;ssl=1\" data-large-file=\"https:\/\/i0.wp.com\/pension-eulenhof.vasters.de\/wp-content\/uploads\/2016\/08\/alpaka.jpg?fit=256%2C171&amp;ssl=1\" class=\"alignnone wp-image-610\" src=\"https:\/\/i0.wp.com\/pension-eulenhof.vasters.de\/wp-content\/uploads\/2016\/08\/alpaka.jpg?resize=288%2C193\" alt=\"\" width=\"288\" height=\"193\" srcset=\"https:\/\/i0.wp.com\/pension-eulenhof.vasters.de\/wp-content\/uploads\/2016\/08\/alpaka.jpg?w=256&amp;ssl=1 256w, https:\/\/i0.wp.com\/pension-eulenhof.vasters.de\/wp-content\/uploads\/2016\/08\/alpaka.jpg?resize=225%2C150&amp;ssl=1 225w, https:\/\/i0.wp.com\/pension-eulenhof.vasters.de\/wp-content\/uploads\/2016\/08\/alpaka.jpg?resize=150%2C100&amp;ssl=1 150w\" sizes=\"(max-width: 288px) 100vw, 288px\" data-recalc-dims=\"1\" \/><\/a><\/p>\n<p><a href=\"http:\/\/www.alpakas-des-westens.de\/villa-alpaka\">http:\/\/www.alpakas-des-westens.de\/villa-alpaka<\/a><\/p>\n<p>Ganz romantisch und urgem\u00fctlich an der Sieg \u00fcbernachten? Dann ist liebevoll hergerichtete, ehemalige Anglerdomizil &#8222;Zeitlos an der Sieg&#8220; das Richtige!<\/p>\n<p><a href=\"https:\/\/i0.wp.com\/pension-eulenhof.vasters.de\/wp-content\/uploads\/2016\/08\/ferienhaus-zeitlos-an-der-sieg-in-dattenfeld-windeck.jpg\"><img loading=\"lazy\" decoding=\"async\" data-attachment-id=\"679\" data-permalink=\"https:\/\/pension-eulenhof.vasters.de\/?attachment_id=679\" data-orig-file=\"https:\/\/i0.wp.com\/pension-eulenhof.vasters.de\/wp-content\/uploads\/2016\/08\/ferienhaus-zeitlos-an-der-sieg-in-dattenfeld-windeck.jpg?fit=1960%2C1303&amp;ssl=1\" data-orig-size=\"1960,1303\" data-comments-opened=\"1\" data-image-meta=\"{&quot;aperture&quot;:&quot;0&quot;,&quot;credit&quot;:&quot;&quot;,&quot;camera&quot;:&quot;&quot;,&quot;caption&quot;:&quot;&quot;,&quot;created_timestamp&quot;:&quot;0&quot;,&quot;copyright&quot;:&quot;&quot;,&quot;focal_length&quot;:&quot;0&quot;,&quot;iso&quot;:&quot;0&quot;,&quot;shutter_speed&quot;:&quot;0&quot;,&quot;title&quot;:&quot;&quot;,&quot;orientation&quot;:&quot;0&quot;}\" data-image-title=\"ferienhaus-zeitlos-an-der-sieg-in-dattenfeld-windeck\" data-image-description=\"\" data-image-caption=\"\" data-medium-file=\"https:\/\/i0.wp.com\/pension-eulenhof.vasters.de\/wp-content\/uploads\/2016\/08\/ferienhaus-zeitlos-an-der-sieg-in-dattenfeld-windeck.jpg?fit=300%2C199&amp;ssl=1\" data-large-file=\"https:\/\/i0.wp.com\/pension-eulenhof.vasters.de\/wp-content\/uploads\/2016\/08\/ferienhaus-zeitlos-an-der-sieg-in-dattenfeld-windeck.jpg?fit=900%2C599&amp;ssl=1\" class=\"alignnone size-medium wp-image-679\" src=\"https:\/\/i0.wp.com\/pension-eulenhof.vasters.de\/wp-content\/uploads\/2016\/08\/ferienhaus-zeitlos-an-der-sieg-in-dattenfeld-windeck.jpg?resize=300%2C199\" alt=\"\" width=\"300\" height=\"199\" srcset=\"https:\/\/i0.wp.com\/pension-eulenhof.vasters.de\/wp-content\/uploads\/2016\/08\/ferienhaus-zeitlos-an-der-sieg-in-dattenfeld-windeck.jpg?resize=300%2C199&amp;ssl=1 300w, https:\/\/i0.wp.com\/pension-eulenhof.vasters.de\/wp-content\/uploads\/2016\/08\/ferienhaus-zeitlos-an-der-sieg-in-dattenfeld-windeck.jpg?resize=1024%2C681&amp;ssl=1 1024w, https:\/\/i0.wp.com\/pension-eulenhof.vasters.de\/wp-content\/uploads\/2016\/08\/ferienhaus-zeitlos-an-der-sieg-in-dattenfeld-windeck.jpg?resize=226%2C150&amp;ssl=1 226w, https:\/\/i0.wp.com\/pension-eulenhof.vasters.de\/wp-content\/uploads\/2016\/08\/ferienhaus-zeitlos-an-der-sieg-in-dattenfeld-windeck.jpg?resize=150%2C100&amp;ssl=1 150w, https:\/\/i0.wp.com\/pension-eulenhof.vasters.de\/wp-content\/uploads\/2016\/08\/ferienhaus-zeitlos-an-der-sieg-in-dattenfeld-windeck.jpg?w=1960&amp;ssl=1 1960w, https:\/\/i0.wp.com\/pension-eulenhof.vasters.de\/wp-content\/uploads\/2016\/08\/ferienhaus-zeitlos-an-der-sieg-in-dattenfeld-windeck.jpg?w=1800 1800w\" sizes=\"(max-width: 300px) 100vw, 300px\" data-recalc-dims=\"1\" \/><\/a><\/p>\n<p><a href=\"https:\/\/www.zeitlosandersieg.de\">https:\/\/www.zeitlosandersieg.de<\/a><\/p>\n<p>&nbsp;<\/p>\n<p>&nbsp;<\/p>\n<p>&nbsp;<\/p>\n<p>&nbsp;<\/p>\n","protected":false},"excerpt":{"rendered":"<p>Freunde des Angelsportes bekommen im Gasthof Rolandseck Tagesscheine\u00a0f\u00fcr das Vereinsgew\u00e4sser des ASV\u00a0Obere Sieg e.V. zum Preis von 8,00 Euro. Weitere Infos auf der Internetseite des Gasthof Rolandseck unter der Rubrik: Angeln an der Sieg. Lecker Bierchen und schmackhaftes Essen gibt es im Gasthof nat\u00fcrlich auch. Gasthof Rolandseck Rathaustra\u00dfe 47 an\u2026<\/p>\n<p class=\"continue-reading-button\"> <a class=\"continue-reading-link\" href=\"https:\/\/pension-eulenhof.vasters.de\/?page_id=408\">Continue reading<i class=\"crycon-right-dir\"><\/i><\/a><\/p>\n","protected":false},"author":1,"featured_media":0,"parent":0,"menu_order":0,"comment_status":"closed","ping_status":"closed","template":"","meta":{"jetpack_post_was_ever_published":false,"footnotes":""},"jetpack_sharing_enabled":true,"jetpack_shortlink":"https:\/\/wp.me\/P7BQST-6A","jetpack-related-posts":[{"id":259,"url":"https:\/\/pension-eulenhof.vasters.de\/?page_id=259","url_meta":{"origin":408,"position":0},"title":"Anfahrt","author":"bvasters","date":"Juni 18, 2016","format":false,"excerpt":"Adresse f\u00fcr Navigationsger\u00e4te: Im Eulenbruch 12 51570 Windeck 100m zur Sieg, 1000m zum Natursteig Sieg. Fussl\u00e4ufig von Pension Eulenhof zum Bahnhof Rosbach, Freibad Rosbach oder Klettergarten: 1,7 km Einkaufsm\u00f6glichkeiten, Banken, Apotheke, \u00c4rzte und Restaurants fussl\u00e4ufig in ca. 1,7 km erreichbar (Fuss- und Radweg). Mit dem Auto zum Naturerlebnispark Panarbora in\u2026","rel":"","context":"\u00c4hnlicher Beitrag","block_context":{"text":"\u00c4hnlicher Beitrag","link":""},"img":{"alt_text":"","src":"https:\/\/i0.wp.com\/pension-eulenhof.vasters.de\/wp-content\/uploads\/2018\/12\/karte-1024x443.jpg?resize=350%2C200","width":350,"height":200,"srcset":"https:\/\/i0.wp.com\/pension-eulenhof.vasters.de\/wp-content\/uploads\/2018\/12\/karte-1024x443.jpg?resize=350%2C200 1x, https:\/\/i0.wp.com\/pension-eulenhof.vasters.de\/wp-content\/uploads\/2018\/12\/karte-1024x443.jpg?resize=525%2C300 1.5x, https:\/\/i0.wp.com\/pension-eulenhof.vasters.de\/wp-content\/uploads\/2018\/12\/karte-1024x443.jpg?resize=700%2C400 2x"},"classes":[]},{"id":249,"url":"https:\/\/pension-eulenhof.vasters.de\/?page_id=249","url_meta":{"origin":408,"position":1},"title":"Freizeitaktivit\u00e4ten","author":"bvasters","date":"Juni 18, 2016","format":false,"excerpt":"Windeck und Umgebung bieten sich f\u00fcr sportliche Aktivit\u00e4ten an: Angelsportfreunde finden hier viele M\u00f6glichkeiten und auch f\u00fcr Kanufahrer ist die Sieg ein tolles Revier. Angelscheine erhalten Sie beim Rolandseck in Windeck-Rosbach Telefon 02292-5360. Hoch hinauf geht es f\u00fcr alle Kletterer beim Hochseilgarten in Windeck-Rosbach. \u00a0 Wasserratten kommen in Windeck auf\u2026","rel":"","context":"\u00c4hnlicher Beitrag","block_context":{"text":"\u00c4hnlicher Beitrag","link":""},"img":{"alt_text":"","src":"https:\/\/i0.wp.com\/pension-eulenhof.de\/sport1.jpg?resize=350%2C200","width":350,"height":200},"classes":[]},{"id":241,"url":"https:\/\/pension-eulenhof.vasters.de\/?page_id=241","url_meta":{"origin":408,"position":2},"title":"Sehenswertes","author":"bvasters","date":"Juni 18, 2016","format":false,"excerpt":"Das Heimatmuseum in Alt Windeck macht die vergangene Geschichte wieder lebendig. Im Schatten der Burgruine liegen liebevoll gepflegte Bauerng\u00e4rten und alte Fachwerkh\u00e4user. Altagsgegenst\u00e4nde und Handwerksger\u00e4te sind ausgestellt und werden zum traditionellen Burgmarkt in betrieb genommen. Die Grube Silberhardt und der Bergbauwanderweg laden einen dazu ein das harte Arbeitsleben unter Tage\u2026","rel":"","context":"\u00c4hnlicher Beitrag","block_context":{"text":"\u00c4hnlicher Beitrag","link":""},"img":{"alt_text":"","src":"https:\/\/i0.wp.com\/www.pension-eulenhof.de\/kultur.jpg?resize=350%2C200","width":350,"height":200},"classes":[]},{"id":289,"url":"https:\/\/pension-eulenhof.vasters.de\/?page_id=289","url_meta":{"origin":408,"position":3},"title":"Impressum","author":"bvasters","date":"Juni 19, 2016","format":false,"excerpt":"Pension Eulenhof Magdalena Vasters Im Eulenbruch 12 51570 Windeck-Rosbach Steuernummer: 220\/5475\/2111 Umsatzsteuer-Identifikationsnummer (USt-IdNr.): DE307905274 Haftungsausschluss Inhalt des Onlineangebotes Der Autor \u00fcbernimmt keinerlei Gew\u00e4hr f\u00fcr die Aktualit\u00e4t, Korrektheit, Vollst\u00e4ndigkeit oder Qualit\u00e4t der bereitgestellten Informationen. Haftungsanspr\u00fcche gegen den Autor, welche sich auf Sch\u00e4den materieller oder ideeller Art beziehen, die durch die Nutzung\u2026","rel":"","context":"\u00c4hnlicher Beitrag","block_context":{"text":"\u00c4hnlicher Beitrag","link":""},"img":{"alt_text":"","src":"","width":0,"height":0},"classes":[]},{"id":529,"url":"https:\/\/pension-eulenhof.vasters.de\/?page_id=529","url_meta":{"origin":408,"position":4},"title":"Arrangements","author":"bvasters","date":"April 9, 2017","format":false,"excerpt":"\"Romantische Auszeit\" mit Candlelight-Dinner \u00a0 G\u00f6nnen Sie sich eine kurze Auszeit zu zweit in einem besonderen Ambiente! Das Naherholungsgebiet Windecker-L\u00e4ndchen bietet viele M\u00f6glichkeiten f\u00fcr Ausfl\u00fcge und die Stadt K\u00f6ln ist mit dem Auto oder mit der Bahn von den Bahnh\u00f6fen in Rosbach und Schladern bequem erreichbar. Die Sieg, die 100m\u2026","rel":"","context":"\u00c4hnlicher Beitrag","block_context":{"text":"\u00c4hnlicher Beitrag","link":""},"img":{"alt_text":"","src":"","width":0,"height":0},"classes":[]},{"id":13,"url":"https:\/\/pension-eulenhof.vasters.de\/?page_id=13","url_meta":{"origin":408,"position":5},"title":"Der Eulenhof","author":"bvasters","date":"Mai 26, 2016","format":false,"excerpt":"Die Pension Eulenhof ist Teil eines Fachwerkensembles aus dem 18. Jahrhundert. Das Fachwerkanwesen befindet sich im Eulenbruch, einem Ortsteil der Stadt Rosbach. Zum Ort geh\u00f6rten annodazumal einige Bauernh\u00f6fe, ein Backhaus, eine R\u00e4ucherstube und ein W\u00e4schehaus. Die alte H\u00f6fe sind bis heute erhalten und die fr\u00fcher gemeinschaftlich genutzten Geb\u00e4ude wurden in\u2026","rel":"","context":"\u00c4hnlicher Beitrag","block_context":{"text":"\u00c4hnlicher Beitrag","link":""},"img":{"alt_text":"","src":"","width":0,"height":0},"classes":[]}],"_links":{"self":[{"href":"https:\/\/pension-eulenhof.vasters.de\/index.php?rest_route=\/wp\/v2\/pages\/408"}],"collection":[{"href":"https:\/\/pension-eulenhof.vasters.de\/index.php?rest_route=\/wp\/v2\/pages"}],"about":[{"href":"https:\/\/pension-eulenhof.vasters.de\/index.php?rest_route=\/wp\/v2\/types\/page"}],"author":[{"embeddable":true,"href":"https:\/\/pension-eulenhof.vasters.de\/index.php?rest_route=\/wp\/v2\/users\/1"}],"replies":[{"embeddable":true,"href":"https:\/\/pension-eulenhof.vasters.de\/index.php?rest_route=%2Fwp%2Fv2%2Fcomments&post=408"}],"version-history":[{"count":29,"href":"https:\/\/pension-eulenhof.vasters.de\/index.php?rest_route=\/wp\/v2\/pages\/408\/revisions"}],"predecessor-version":[{"id":680,"href":"https:\/\/pension-eulenhof.vasters.de\/index.php?rest_route=\/wp\/v2\/pages\/408\/revisions\/680"}],"wp:attachment":[{"href":"https:\/\/pension-eulenhof.vasters.de\/index.php?rest_route=%2Fwp%2Fv2%2Fmedia&parent=408"}],"curies":[{"name":"wp","href":"https:\/\/api.w.org\/{rel}","templated":true}]}}